{"id":222,"date":"2014-01-17T19:40:39","date_gmt":"2014-01-17T18:40:39","guid":{"rendered":"http:\/\/web.aeroclub-abbeville.fr\/aeroclub\/?page_id=222"},"modified":"2017-05-28T18:01:48","modified_gmt":"2017-05-28T17:01:48","slug":"meteo","status":"publish","type":"page","link":"http:\/\/aeroclub-abbeville.fr\/?page_id=222","title":{"rendered":"M\u00e9t\u00e9orologie"},"content":{"rendered":"<div>\n<ul>\n<li>\n<div><a title=\"http:\/\/www.orbifly.com\/member\/metmap.php?region_choose=FRA\" href=\"http:\/\/www.orbifly.com\/member\/metmap.php?region_choose=FRA\" rel=\"nofollow\">\u00a0MET-MAP, repr\u00e9sentation cartographique des METAR &amp; TAF avec d\u00e9codage<\/a><\/div>\n<\/li>\n<\/ul>\n<ul>\n<li>\n<div><a title=\"http:\/\/www.lachainemeteo.com\/\" href=\"http:\/\/www.lachainemeteo.com\/\" rel=\"nofollow\"> La chaine m\u00e9t\u00e9o &#8211; Cartes et bulletins vid\u00e9o<\/a><\/div>\n<\/li>\n<\/ul>\n<ul>\n<li>\n<div><a title=\"http:\/\/www.allmetsat.com\/\" href=\"http:\/\/www.allmetsat.com\/\" rel=\"nofollow\">Images Satellite<\/a><\/div>\n<\/li>\n<\/ul>\n<ul>\n<li><a title=\"La m\u00e9t\u00e9o du week-end\" href=\"http:\/\/www.aerovfr.com\/meteo-du-week-end\/\">La m\u00e9t\u00e9o du week-end<\/a> (d\u00e8s le mercredi soir)<a href=\"http:\/\/www.aerovfr.com\/meteo-du-week-end\/\"><img decoding=\"async\" class=\"aligncenter size-full wp-image-998\" src=\"http:\/\/aeroclub-abbeville.fr\/wp-content\/uploads\/2015\/04\/meteoduwe.jpg\" alt=\"meteoduwe\" width=\"135\" height=\"135\" \/><\/a><\/li>\n<li><a href=\"https:\/\/www.wmocloudatlas.org\/home.html\">Atlas des nuages<\/a><\/li>\n<\/ul>\n<\/div>\n","protected":false},"excerpt":{"rendered":"<p>\u00a0MET-MAP, repr\u00e9sentation cartographique des METAR &amp; TAF avec d\u00e9codage La chaine m\u00e9t\u00e9o &#8211; Cartes et bulletins vid\u00e9o Images Satellite La m\u00e9t\u00e9o du week-end (d\u00e8s le mercredi soir) Atlas des nuages<\/p>\n","protected":false},"author":67,"featured_media":0,"parent":0,"menu_order":0,"comment_status":"open","ping_status":"open","template":"","meta":{"inline_featured_image":false,"footnotes":""},"class_list":["post-222","page","type-page","status-publish","hentry"],"_links":{"self":[{"href":"http:\/\/aeroclub-abbeville.fr\/index.php?rest_route=\/wp\/v2\/pages\/222","targetHints":{"allow":["GET"]}}],"collection":[{"href":"http:\/\/aeroclub-abbeville.fr\/index.php?rest_route=\/wp\/v2\/pages"}],"about":[{"href":"http:\/\/aeroclub-abbeville.fr\/index.php?rest_route=\/wp\/v2\/types\/page"}],"author":[{"embeddable":true,"href":"http:\/\/aeroclub-abbeville.fr\/index.php?rest_route=\/wp\/v2\/users\/67"}],"replies":[{"embeddable":true,"href":"http:\/\/aeroclub-abbeville.fr\/index.php?rest_route=%2Fwp%2Fv2%2Fcomments&post=222"}],"version-history":[{"count":9,"href":"http:\/\/aeroclub-abbeville.fr\/index.php?rest_route=\/wp\/v2\/pages\/222\/revisions"}],"predecessor-version":[{"id":1654,"href":"http:\/\/aeroclub-abbeville.fr\/index.php?rest_route=\/wp\/v2\/pages\/222\/revisions\/1654"}],"wp:attachment":[{"href":"http:\/\/aeroclub-abbeville.fr\/index.php?rest_route=%2Fwp%2Fv2%2Fmedia&parent=222"}],"curies":[{"name":"wp","href":"https:\/\/api.w.org\/{rel}","templated":true}]}}