{"id":25,"date":"2014-01-07T21:51:49","date_gmt":"2014-01-07T20:51:49","guid":{"rendered":"http:\/\/web.aeroclub-abbeville.fr\/aeroclub\/?page_id=25"},"modified":"2025-05-20T10:51:15","modified_gmt":"2025-05-20T09:51:15","slug":"bia","status":"publish","type":"page","link":"http:\/\/aeroclub-abbeville.fr\/?page_id=25","title":{"rendered":"BIA"},"content":{"rendered":"<div>\n<p>Si vous \u00eates int\u00e9ress\u00e9 par une carri\u00e8re a\u00e9ronautique, ou tout simplement si vous \u00eates curieux de conna\u00eetre ces ph\u00e9nom\u00e8nes qui ont permis voil\u00e0 seulement un si\u00e8cle de faire les premiers envols:<\/p>\n<p>Les cours du BIA (<strong>B<\/strong>REVET D&rsquo;<strong>I<\/strong>NITIATION <strong>A\u00c9RONAUTIQUE<\/strong>) sont l\u00e0 pour r\u00e9pondre \u00e0 vos questions.<\/p>\n<p><strong>Pr\u00e9sentation des cours et inscriptions, samedi 27 septembre 2026 \u00e0 16h00.<\/strong><\/p>\n<p><strong>D\u00e9but des cours le dimanche 5 octobre 2025 \u00e0 9h30.<\/strong><\/p>\n<p>Le <strong>B<\/strong>REVET D&rsquo;<strong>I<\/strong>NITIATION <strong>A\u00c9RONAUTIQUE<\/strong> est un examen national organis\u00e9 par le Minist\u00e8re de l\u2019\u00c9ducation Nationale, de la Recherche et de la Technologie et par le Minist\u00e8re de l\u2019\u00c9quipement, des Transports et du Logement. Il sanctionne une culture g\u00e9n\u00e9rale dans le domaine de l&rsquo;a\u00e9ronautique et de l&rsquo;espace.<\/p>\n<p>Ouvert \u00e0 toutes et \u00e0 tous, jeunes et moins jeunes, \u00e0 partir de 13 ans, ils constituent aussi la meilleure pr\u00e9paration \u00e0 l&rsquo;examen th\u00e9orique qui accompagne les \u00e9preuves pratiques du brevet de pilote avion, planeur ou ULM\u2026<\/p>\n<p><strong>Chaque ann\u00e9e, l\u2019A\u00e9roclub d&rsquo;ABBEVILLE-BUIGNY-BAIE DE SOMME organise une pr\u00e9paration gratuite au B.I.A.<\/strong><\/p>\n<p>(participation aux frais : 30 \u20ac).<\/p>\n<p><strong>Le programme couvre les mati\u00e8res suivantes :<\/strong><\/p>\n<ul>\n<li>\n<div><strong>A\u00e9rodynamique, a\u00e9rostatique et principes de vol.<\/strong><\/div>\n<\/li>\n<\/ul>\n<ol style=\"list-style-type: undefined;\">\n<li>\n<div>La sustentation et l&rsquo;aile: \u00e9coulement de l&rsquo;air, pression, forces a\u00e9rodynamiques, polaire, caract\u00e9ristiques d&rsquo;une voilure&#8230;.<\/div>\n<\/li>\n<li>\n<div>\u00c9tude du vol stabilis\u00e9: Vol plan\u00e9, vol motoris\u00e9, \u00e9quilibre des forces, traction, propulsion, ligne droite en palier, virage, mont\u00e9e, descente..<\/div>\n<\/li>\n<li>L&rsquo;a\u00e9rostation: principes g\u00e9n\u00e9raux de sustentation, air chaud, gaz..<\/li>\n<li>Le vol spatial: trajectoire de lancement, mise en orbite.<\/li>\n<\/ol>\n<ul>\n<li>\n<div><strong>\u00c9tude des a\u00e9ronefs et des engins spatiaux.<\/strong><\/div>\n<\/li>\n<\/ul>\n<ol style=\"list-style-type: undefined;\">\n<li>Classification des a\u00e9ronefs et des engins spatiaux.<\/li>\n<li>Les groupes motopropulseurs<\/li>\n<li>Structures et mat\u00e9riaux<\/li>\n<li>Les commandes de vol<\/li>\n<li>L&rsquo;instrumentation de bord<\/li>\n<\/ol>\n<ul>\n<li>\n<div><strong>Navigation, r\u00e9glementation, s\u00e9curit\u00e9 des vols.<\/strong><\/div>\n<\/li>\n<\/ul>\n<\/div>\n<div>La navigation<\/div>\n<div><\/div>\n<div>\n<ol style=\"list-style-type: undefined;\">\n<li>Les grands principes de navigation<\/li>\n<li>Les outils de la navigation.<\/li>\n<\/ol>\n<p>R\u00e8glementation a\u00e9ronautique<\/p>\n<ol style=\"list-style-type: undefined;\">\n<li>Les organisations<\/li>\n<li>Contr\u00f4le d&rsquo;un a\u00e9ronef<\/li>\n<li>Organisation de l&rsquo;espace a\u00e9rien<\/li>\n<li>Titres a\u00e9ronautiques<\/li>\n<\/ol>\n<p>S\u00e9curit\u00e9 des vols<\/p>\n<ol style=\"list-style-type: undefined;\">\n<li>Gestion des risques<\/li>\n<li>Performances humaines et limites<\/li>\n<li>Prise de d\u00e9cision<\/li>\n<\/ol>\n<ul>\n<li>\n<div><strong>M\u00e9t\u00e9orologie et a\u00e9rologie<\/strong>, atmosph\u00e8re, nuages, vents, masses d&rsquo;air et perturbations, ph\u00e9nom\u00e8nes dangereux, applications \u00e0 l&rsquo;a\u00e9ronautique<\/div>\n<\/li>\n<\/ul>\n<ul>\n<li>\n<div><strong>Histoire et culture de l&rsquo;A\u00e9ronautique et du spatial.<\/strong><\/div>\n<\/li>\n<\/ul>\n<ul>\n<li>\n<div><strong>Anglais a\u00e9ronautique<\/strong> (discipline optionnelle)<\/div>\n<\/li>\n<\/ul>\n<p>Ces contenus couvrent une part importante du programme de l&rsquo;examen th\u00e9orique du Brevet de Pilote (planeur, avion ou ULM).<\/p>\n<p><strong>Le D\u00e9roulement de la formation :<\/strong><\/p>\n<p>Les cours se d\u00e9roulent pendant la p\u00e9riode scolaire. Ils sont dispens\u00e9s le dimanche matin de 9 h 30 \u00e0 12 h 15 dans la salle de cours de l\u2019a\u00e9roclub, et commencent d\u00e9but octobre pour se terminer \u00e0 la mi-mai.<\/p>\n<p>L&rsquo;examen a lieu au lyc\u00e9e Boucher de Perthes \u00e0 ABBEVILLE.<\/p>\n<p>Les cours sont donn\u00e9s par des formateurs b\u00e9n\u00e9voles du club, reconnus depuis novembre 1997, par une convention liant l&rsquo;a\u00e9roclub et le lyc\u00e9e Boucher de Perthes d&rsquo;Abbeville et des intervenants comp\u00e9tents.<\/p>\n<p><a title=\"bia.jpg\" href=\"http:\/\/www.aeroclub-abbeville.fr\/lib\/exe\/detail.php\/bia.jpg?id=formation%3Abia\"><img decoding=\"async\" src=\"http:\/\/www.aeroclub-abbeville.fr\/lib\/exe\/fetch.php\/bia.jpg\" alt=\"\" \/><\/a><\/p>\n<p><strong>Le BIA en poche :<\/strong><\/p>\n<p><a title=\"formation:brevet_bia.jpg\" href=\"http:\/\/www.aeroclub-abbeville.fr\/lib\/exe\/detail.php\/formation:brevet_bia.jpg?id=formation%3Abia\"><img decoding=\"async\" src=\"http:\/\/www.aeroclub-abbeville.fr\/lib\/exe\/fetch.php\/formation:brevet_bia.jpg\" alt=\"\" \/><\/a><\/p>\n<p>Ces carri\u00e8res \u00e9num\u00e9r\u00e9es d\u00e9montrent la r\u00e9ussite a\u00e9ronautique de nombreux anciens \u00e9l\u00e8ves du BIA:<\/p>\n<ul>\n<li>\n<div>des pilotes de ligne<\/div>\n<\/li>\n<li>\n<div>des pilotes militaires (avion, h\u00e9licopt\u00e8re) dans l&rsquo;arm\u00e9e de l&rsquo;air, l&rsquo;a\u00e9ronavale ou l&rsquo;arm\u00e9e de terre,<\/div>\n<\/li>\n<li>\n<div>des pilotes professionnels,<\/div>\n<\/li>\n<li>\n<div>des instructeurs de pilotage avion ou planeur,<\/div>\n<\/li>\n<li>\n<div>des ing\u00e9nieurs de l&rsquo;a\u00e9ronautique,<\/div>\n<\/li>\n<li>\n<div>des contr\u00f4leurs de la navigation a\u00e9rienne,<\/div>\n<\/li>\n<li>\n<div>des techniciens de la m\u00e9t\u00e9orologie,<\/div>\n<\/li>\n<li>\n<div>des m\u00e9decins ayant choisi une sp\u00e9cialisation en m\u00e9decine a\u00e9ronautique,<\/div>\n<\/li>\n<li>\n<div>des h\u00f4tesses de l&rsquo;air et stewards\u2026<\/div>\n<\/li>\n<\/ul>\n<p>Bien entendu, de solides \u00e9tudes ont assur\u00e9 la r\u00e9ussite dans ces carri\u00e8res\u2026<\/p>\n<p>Ce dipl\u00f4me est officiellement reconnu par le Minist\u00e8re de l\u2019\u00c9ducation Nationale, le Minist\u00e8re des Transports et la Direction G\u00e9n\u00e9rale de l&rsquo;Aviation Civile qui en fixent le programme.<\/p>\n<p>Nos instructeurs et intervenants sont enti\u00e8rement b\u00e9n\u00e9voles.<\/p>\n<p><strong>Autre point important \u00e0 souligner :<\/strong><\/p>\n<p>Les jeunes \u00e9l\u00e8ves re\u00e7us \u00e0 l&rsquo;examen pourront obtenir des bourses dans le cadre de leur formation de pilote d\u2019avion ou de planeur. Elles sont accord\u00e9es par la F\u00e9d\u00e9ration Nationale A\u00e9ronautique (vol moteur) ou la F\u00e9d\u00e9ration de Vol \u00e0 Voile (vol planeur).<\/p>\n<p><strong>Les premiers pas dans l\u2019a\u00e9ronautique :<\/strong><\/p>\n<p>En compl\u00e9ment aux cours, des conf\u00e9rences et visites sont organis\u00e9es sur les th\u00e8mes a\u00e9ronautiques suivant:<\/p>\n<ul>\n<li>\n<div>carri\u00e8res a\u00e9ronautiques civiles et militaires,<\/div>\n<\/li>\n<li>\n<div>activit\u00e9s ULM,<\/div>\n<\/li>\n<li>\n<div>m\u00e9decine a\u00e9ronautique,<\/div>\n<\/li>\n<li>\n<div>\u00e9ventuellement visite d&rsquo;une station m\u00e9t\u00e9o, d&rsquo;un mus\u00e9e de l&rsquo;air, d&rsquo;une base a\u00e9rienne, et\u00a0 d&rsquo;autres th\u00e8mes selon l&rsquo;opportunit\u00e9.<\/div>\n<\/li>\n<\/ul>\n<p>Les \u00e9l\u00e8ves auront la possibilit\u00e9 de faire des vols d&rsquo;initiation en avion ou en planeur.<\/p>\n<p>Pour les questions que vous vous posez sur l&rsquo;organisation de l&rsquo;examen, vous pouvez consulter les textes officiels :<\/p>\n<p><a title=\"BO n\u00b0 11 du 12 mars 2015 du Minist\u00e8re de l'Education Nationale\" href=\"http:\/\/www.education.gouv.fr\/pid25535\/bulletin_officiel.html?cid_bo=86567\">BO n\u00b0 11 du 12 mars 2015<\/a><\/p>\n<\/div>\n","protected":false},"excerpt":{"rendered":"<p>Si vous \u00eates int\u00e9ress\u00e9 par une carri\u00e8re a\u00e9ronautique, ou tout simplement si vous \u00eates curieux de conna\u00eetre ces ph\u00e9nom\u00e8nes qui ont permis voil\u00e0 seulement un si\u00e8cle de faire les premiers envols: Les cours du BIA (BREVET D&rsquo;INITIATION A\u00c9RONAUTIQUE) sont l\u00e0 pour r\u00e9pondre \u00e0 vos questions. Pr\u00e9sentation des cours et inscriptions, samedi 27 septembre 2026 \u00e0 [&hellip;]<\/p>\n","protected":false},"author":67,"featured_media":0,"parent":0,"menu_order":0,"comment_status":"open","ping_status":"open","template":"","meta":{"inline_featured_image":false,"footnotes":""},"class_list":["post-25","page","type-page","status-publish","hentry"],"_links":{"self":[{"href":"http:\/\/aeroclub-abbeville.fr\/index.php?rest_route=\/wp\/v2\/pages\/25","targetHints":{"allow":["GET"]}}],"collection":[{"href":"http:\/\/aeroclub-abbeville.fr\/index.php?rest_route=\/wp\/v2\/pages"}],"about":[{"href":"http:\/\/aeroclub-abbeville.fr\/index.php?rest_route=\/wp\/v2\/types\/page"}],"author":[{"embeddable":true,"href":"http:\/\/aeroclub-abbeville.fr\/index.php?rest_route=\/wp\/v2\/users\/67"}],"replies":[{"embeddable":true,"href":"http:\/\/aeroclub-abbeville.fr\/index.php?rest_route=%2Fwp%2Fv2%2Fcomments&post=25"}],"version-history":[{"count":7,"href":"http:\/\/aeroclub-abbeville.fr\/index.php?rest_route=\/wp\/v2\/pages\/25\/revisions"}],"predecessor-version":[{"id":6371,"href":"http:\/\/aeroclub-abbeville.fr\/index.php?rest_route=\/wp\/v2\/pages\/25\/revisions\/6371"}],"wp:attachment":[{"href":"http:\/\/aeroclub-abbeville.fr\/index.php?rest_route=%2Fwp%2Fv2%2Fmedia&parent=25"}],"curies":[{"name":"wp","href":"https:\/\/api.w.org\/{rel}","templated":true}]}}